{"id":3092,"date":"2021-06-14T00:01:24","date_gmt":"2021-06-14T00:01:24","guid":{"rendered":"https:\/\/carmenhernandez.org\/zu-carmen-beten\/"},"modified":"2026-02-15T03:47:32","modified_gmt":"2026-02-15T03:47:32","slug":"zu-carmen-beten","status":"publish","type":"page","link":"https:\/\/carmenhernandez.org\/de\/zu-carmen-beten\/","title":{"rendered":"Zu Carmen beten"},"content":{"rendered":"\n<div style=\"height:20px\" aria-hidden=\"true\" class=\"wp-block-spacer\"><\/div>\n\n\n<div class=\"wp-block-image hide-large-screen\">\n<figure class=\"aligncenter size-large\"><img loading=\"lazy\" decoding=\"async\" width=\"1024\" height=\"705\" src=\"https:\/\/carmenhernandez.org\/wp-content\/uploads\/2021\/06\/carmen-hernandez-camino-neocatecumenal-muralla-jerusalen-1024x705.jpg\" alt=\"Carmen Hernandez - Jerusalemer Mauer\" class=\"wp-image-231\" srcset=\"https:\/\/carmenhernandez.org\/wp-content\/uploads\/2021\/06\/carmen-hernandez-camino-neocatecumenal-muralla-jerusalen-1024x705.jpg 1024w, https:\/\/carmenhernandez.org\/wp-content\/uploads\/2021\/06\/carmen-hernandez-camino-neocatecumenal-muralla-jerusalen-300x207.jpg 300w, https:\/\/carmenhernandez.org\/wp-content\/uploads\/2021\/06\/carmen-hernandez-camino-neocatecumenal-muralla-jerusalen-768x529.jpg 768w, https:\/\/carmenhernandez.org\/wp-content\/uploads\/2021\/06\/carmen-hernandez-camino-neocatecumenal-muralla-jerusalen.jpg 1210w\" sizes=\"auto, (max-width: 1024px) 100vw, 1024px\" \/><\/figure>\n<\/div>\n\n\n<p>Sie ist in Olvega (Soria, Spanien) am 24. November 1930 geboren. Sie hat ihre Kindheit in Tudela (Navarra) verbracht. Seit sie ein kleines M\u00e4dchen war, sp\u00fcrte sie unter dem Einfluss des Geistes des Hl. Franz Xaver die missionarische Berufung. Sie hat Chemie an der Universit\u00e4t von Madrid studiert. Einige Jahre lang geh\u00f6rte sie dem Institut \u201eMissionarinnen Christi Jesu\u201c an und studierte Theologie in Valencia. 1964 hat sie Kiko Arg\u00fcello in den Baracken von Palomeras Altas in Madrid kennen gelernt; und nachdem sie den Armen, mit denen sie zusammen lebten, das Evangelium verk\u00fcndet hatten, hat der Herr sie zu einer theologisch-katechetischen Synthese geleitet, die auf dem Wort Gottes, der Liturgie und der Gemeinschaft basiert, was dann die Grundlage f\u00fcr den Neokatechumenalen Weg sein wird, dessen Statut vom Heiligen Stuhl 2008 definitiv anerkannt worden ist. Der damalige Erzbischof von Madrid, Mons. Casimiro Morcillo, hat sie dazu ermutigt, den Weg in den Pfarreien zu verbreiten. \u00dcber 50 Jahre lang hat sie ihr Leben daf\u00fcr hingegeben, in aller Welt das Evangelium zu verk\u00fcnden. Sie hatte eine sehr gro\u00dfe Liebe zu Jesus Christus, zur Kirche, zur Jungfrau Maria, zum Papst, zur Liturgie, zur Heiligen Schrift und zu den j\u00fcdischen Wurzeln des Christentums. Sie ist in Madrid am 19. Juli 2016 gestorben.<\/p>\n\n\n\n<div style=\"height:30px\" aria-hidden=\"true\" class=\"wp-block-spacer\"><\/div>\n\n\n\n<h4 class=\"wp-block-heading has-text-align-center\">GEBET F\u00dcR DIE PERS\u00d6NLICHE ANBETUNG<\/h4>\n\n\n\n<h6 class=\"wp-block-heading has-text-align-center\">Um Gnaden und Gunsterweise zu erbitten durch die F\u00fcrsprache von Carmen Hernandez<\/h6>\n\n\n\n<hr class=\"wp-block-separator has-alpha-channel-opacity\"\/>\n\n\n\n<h6 class=\"wp-block-heading has-text-align-center\" id=\"block-3d7eaf8b-e1c4-410c-8e70-0f92129481ca\"><strong>Oh Gott,<\/strong><\/h6>\n\n\n\n<h6 class=\"wp-block-heading has-text-align-center\"><strong>du hast die Dienerin Gottes Carmen Hernandez<\/strong><\/h6>\n\n\n\n<h6 class=\"wp-block-heading has-text-align-center\"><strong>als Mitbegr\u00fcnderin des Neokatechumenalen Weges erw\u00e4hlt,<\/strong><\/h6>\n\n\n\n<h6 class=\"wp-block-heading has-text-align-center\"><strong>und du hast ihr eine gro\u00dfe Liebe zu Jesus Christus und zur Kirche,<\/strong><\/h6>\n\n\n\n<h6 class=\"wp-block-heading has-text-align-center\"><strong>zu den Heiligen Schriften und zum liturgischen Gebet geschenkt,<\/strong><\/h6>\n\n\n\n<h6 class=\"wp-block-heading has-text-align-center\"><strong>brennenden Eifer f\u00fcr die Verk\u00fcndigung des Evangeliums<\/strong><\/h6>\n\n\n\n<h6 class=\"wp-block-heading has-text-align-center\"><strong>und die Treue zu dir in der Probe des Kreuzes;<\/strong><\/h6>\n\n\n\n<h6 class=\"wp-block-heading has-text-align-center\"><strong>gew\u00e4hre mir durch ihre F\u00fcrsprache,<\/strong><\/h6>\n\n\n\n<h6 class=\"wp-block-heading has-text-align-center\"><strong>treu zu sein zur Taufe, die ich empfangen habe<\/strong><\/h6>\n\n\n\n<h6 class=\"wp-block-heading has-text-align-center\"><strong>und, wenn es dein Wille ist, die Gnade, um die ich dich bitte.<\/strong><\/h6>\n\n\n\n<h6 class=\"wp-block-heading has-text-align-center\"><strong>Durch Jesus Christus, unseren Herrn. Amen.<\/strong><\/h6>\n\n\n\n<h6 class=\"wp-block-heading has-text-align-center\">Vater unser. Gegr\u00fc\u00dfet seist du, Maria. Ehre sei dem Vater.<\/h6>\n\n\n\n<div style=\"height:30px\" aria-hidden=\"true\" class=\"wp-block-spacer\"><\/div>\n\n\n\n<p class=\"has-text-align-center\">In \u00dcbereinstimmung mit den Dekreten von Urban VIII. soll keineswegs das Urteil der kirchlichen Autorit\u00e4t vorweggenommen werden. MIT KIRCHLICHER LIZENZ.<\/p>\n\n\n\n<div style=\"height:20px\" aria-hidden=\"true\" class=\"wp-block-spacer\"><\/div>\n\n\n\n<div class=\"wp-block-buttons is-content-justification-center is-layout-flex wp-container-core-buttons-is-layout-16018d1d wp-block-buttons-is-layout-flex\">\n<div class=\"wp-block-button is-style-outline is-style-outline--1\"><a class=\"wp-block-button__link wp-element-button\" href=\"https:\/\/carmenhernandez.org\/de\/kontakt\/\">Um Gnaden und Gunsterweise zu melden: carmenhernandez@ffn.es<\/a><\/div>\n<\/div>\n\n\n\n<div style=\"height:30px\" aria-hidden=\"true\" class=\"wp-block-spacer\"><\/div>\n\n\n\n<figure class=\"wp-block-gallery has-nested-images columns-default is-cropped wp-block-gallery-2 is-layout-flex wp-block-gallery-is-layout-flex\">\n<figure class=\"wp-block-image size-full\"><img decoding=\"async\" data-id=\"3287\" src=\"https:\/\/carmenhernandez.org\/wp-content\/uploads\/2023\/04\/dienerin-gottes-carmen-hernandez-gebet-fur-die-personliche-anbetung-avso.jpeg\" alt=\"\" class=\"wp-image-3287\"\/><\/figure>\n\n\n\n<figure class=\"wp-block-image size-full\"><img decoding=\"async\" data-id=\"3296\" src=\"https:\/\/carmenhernandez.org\/wp-content\/uploads\/2023\/04\/dienerin-gottes-carmen-hernandez-gebet-fur-die-personliche-anbetung-rvso.jpeg\" alt=\"\" class=\"wp-image-3296\"\/><\/figure>\n<\/figure>\n\n\n\n<div style=\"height:20px\" aria-hidden=\"true\" class=\"wp-block-spacer\"><\/div>\n\n\n\n<h6 class=\"wp-block-heading has-text-align-center\">Download<\/h6>\n\n\n<div class=\"wp-block-image\">\n<figure class=\"aligncenter size-full\"><a href=\"https:\/\/carmenhernandez.org\/wp-content\/uploads\/2023\/04\/dienerin-gottes-carmen-hernandez-gebet-fur-die-personliche-anbetung.pdf\"><img loading=\"lazy\" decoding=\"async\" width=\"128\" height=\"128\" src=\"https:\/\/carmenhernandez.org\/wp-content\/uploads\/2021\/11\/icopdf.png\" alt=\"Carmen Hernandez PDF file download icon\" class=\"wp-image-1293\"\/><\/a><\/figure>\n<\/div>\n\n\n<div style=\"height:20px\" aria-hidden=\"true\" class=\"wp-block-spacer\"><\/div>\n\n\n\n<hr class=\"wp-block-separator has-css-opacity is-style-wide\"\/>\n\n\n\n<div style=\"height:20px\" aria-hidden=\"true\" class=\"wp-block-spacer\"><\/div>\n\n\n\n<div align=\"center\" class=\"wpml-ls-statics-shortcode_actions wpml-ls wpml-ls-legacy-list-horizontal\">\r\n\t<ul>\r\n    \t<!-- <li class=\"wpml-ls-slot-shortcode_actions wpml-ls-item wpml-ls-item-es wpml-ls-current-language wpml-ls-first-item wpml-ls-item-legacy-list-horizontal\">\r\n\t\t\t<a href=\"https:\/\/carmenhernandez.org\/de\/zu-carmen-beten\/\" class=\"wpml-ls-link\">\r\n            \t<img loading=\"lazy\" decoding=\"async\" class=\"wpml-ls-flag\" src=\"https:\/\/carmenhernandez.org\/wp-content\/plugins\/sitepress-multilingual-cms\/res\/flags\/es.png\" alt=\"\" width=\"18\" height=\"12\"><span class=\"wpml-ls-native\">Espa\u00f1ol<\/span>\r\n            <\/a>\r\n\t\t<\/li>\r\n        \r\n        <li class=\"wpml-ls-slot-shortcode_actions wpml-ls-item wpml-ls-item-it wpml-ls-item-legacy-list-horizontal\">\r\n\t\t\t<a href=\"https:\/\/carmenhernandez.org\/de\/zu-carmen-beten\/\" class=\"wpml-ls-link\">\r\n            \t<img loading=\"lazy\" decoding=\"async\" class=\"wpml-ls-flag\" src=\"https:\/\/carmenhernandez.org\/wp-content\/plugins\/sitepress-multilingual-cms\/res\/flags\/it.png\" alt=\"\" width=\"18\" height=\"12\"><span class=\"wpml-ls-native\" lang=\"it\">Italiano<\/span><\/a>\r\n\t\t<\/li>\r\n        \r\n        <li class=\"wpml-ls-slot-shortcode_actions wpml-ls-item wpml-ls-item-en wpml-ls-item-legacy-list-horizontal\">\r\n\t\t\t<a href=\"https:\/\/carmenhernandez.org\/de\/zu-carmen-beten\/\" class=\"wpml-ls-link\">\r\n            \t<img loading=\"lazy\" decoding=\"async\" class=\"wpml-ls-flag\" src=\"https:\/\/carmenhernandez.org\/wp-content\/plugins\/sitepress-multilingual-cms\/res\/flags\/en.png\" alt=\"\" width=\"18\" height=\"12\"><span class=\"wpml-ls-native\" lang=\"en\">English<\/span><\/a>\r\n\t\t<\/li>\r\n        \r\n        <li class=\"wpml-ls-slot-shortcode_actions wpml-ls-item wpml-ls-item-pt-br wpml-ls-item-legacy-list-horizontal\">\r\n\t\t\t<a href=\"https:\/\/carmenhernandez.org\/de\/zu-carmen-beten\/\" class=\"wpml-ls-link\">\r\n            \t<img loading=\"lazy\" decoding=\"async\" class=\"wpml-ls-flag\" src=\"https:\/\/carmenhernandez.org\/wp-content\/plugins\/sitepress-multilingual-cms\/res\/flags\/pt-br.png\" alt=\"\" width=\"18\" height=\"12\"><span class=\"wpml-ls-native\" lang=\"pt-br\">Portugu\u00eas<\/span><\/a>\r\n\t\t<\/li>\r\n        \r\n        <li class=\"wpml-ls-slot-shortcode_actions wpml-ls-item wpml-ls-item-fr wpml-ls-item-legacy-list-horizontal\">\r\n\t\t\t<a href=\"https:\/\/carmenhernandez.org\/de\/zu-carmen-beten\/\" class=\"wpml-ls-link\">\r\n            \t<img loading=\"lazy\" decoding=\"async\" class=\"wpml-ls-flag\" src=\"https:\/\/carmenhernandez.org\/wp-content\/plugins\/sitepress-multilingual-cms\/res\/flags\/fr.png\" alt=\"\" width=\"18\" height=\"12\"><span class=\"wpml-ls-native\" lang=\"fr\">Fran\u00e7ais<\/span><\/a>\r\n\t\t<\/li>\r\n        \r\n        <li class=\"wpml-ls-slot-shortcode_actions wpml-ls-item wpml-ls-item-ru wpml-ls-item-legacy-list-horizontal\">\r\n\t\t\t<a href=\"https:\/\/carmenhernandez.org\/de\/zu-carmen-beten\/\" class=\"wpml-ls-link\">\r\n            \t<img loading=\"lazy\" decoding=\"async\" class=\"wpml-ls-flag\" src=\"https:\/\/carmenhernandez.org\/wp-content\/plugins\/sitepress-multilingual-cms\/res\/flags\/ru.png\" alt=\"\" width=\"18\" height=\"12\"><span class=\"wpml-ls-native\" lang=\"ru\">\u0420\u0443\u0441\u0441\u043a\u0438\u0439<\/span><\/a>\r\n\t\t<\/li>\r\n        \r\n        <li class=\"wpml-ls-slot-shortcode_actions wpml-ls-item wpml-ls-item-uk wpml-ls-item-legacy-list-horizontal\">\r\n\t\t\t<a href=\"https:\/\/carmenhernandez.org\/de\/zu-carmen-beten\/\" class=\"wpml-ls-link\">\r\n            \t<img loading=\"lazy\" decoding=\"async\" class=\"wpml-ls-flag\" src=\"https:\/\/carmenhernandez.org\/wp-content\/plugins\/sitepress-multilingual-cms\/res\/flags\/uk.png\" alt=\"\" width=\"18\" height=\"12\"><span class=\"wpml-ls-native\" lang=\"uk\">Ukrainian<\/span><\/a>\r\n\t\t<\/li>\r\n        \r\n        <li class=\"wpml-ls-slot-shortcode_actions wpml-ls-item wpml-ls-item-de wpml-ls-item-legacy-list-horizontal\">\r\n\t\t\t<a href=\"https:\/\/carmenhernandez.org\/de\/zu-carmen-beten\/\" class=\"wpml-ls-link\">\r\n            \t<img loading=\"lazy\" decoding=\"async\" class=\"wpml-ls-flag\" src=\"https:\/\/carmenhernandez.org\/wp-content\/plugins\/sitepress-multilingual-cms\/res\/flags\/de.png\" alt=\"\" width=\"18\" height=\"12\"><span class=\"wpml-ls-native\" lang=\"de\">Deutsch<\/span><\/a>\r\n\t\t<\/li> -->\r\n        \r\n        <li class=\"wpml-ls-slot-shortcode_actions wpml-ls-item wpml-ls-item-hr wpml-ls-item-legacy-list-horizontal\">\r\n\t\t\t<a target=\"_blank\" href=\"https:\/\/neocatechumenaleiter.org\/hr\/moleci-po-zagovoru-carmen-hernandez\/\" class=\"wpml-ls-link\" rel=\"noopener\">\r\n            \t<img loading=\"lazy\" decoding=\"async\" class=\"wpml-ls-flag\" src=\"https:\/\/carmenhernandez.org\/wp-content\/plugins\/sitepress-multilingual-cms\/res\/flags\/hr.png\" alt=\"\" width=\"18\" height=\"12\"\/><span class=\"wpml-ls-native\" lang=\"hr\">Hrvatski<\/span><\/a>\r\n\t\t<\/li>\r\n        \r\n        <!-- <li class=\"wpml-ls-slot-shortcode_actions wpml-ls-item wpml-ls-item-pl wpml-ls-last-item wpml-ls-item-legacy-list-horizontal\">\r\n\t\t\t<a href=\"https:\/\/carmenhernandez.org\/de\/zu-carmen-beten\/\" class=\"wpml-ls-link\">\r\n            \t<img loading=\"lazy\" decoding=\"async\" class=\"wpml-ls-flag\" src=\"https:\/\/carmenhernandez.org\/wp-content\/plugins\/sitepress-multilingual-cms\/res\/flags\/pl.png\" alt=\"\" width=\"18\" height=\"12\"><span class=\"wpml-ls-native\" lang=\"pl\">Polski<\/span><\/a>\r\n\t\t<\/li> -->\r\n        \r\n        <li class=\"wpml-ls-slot-shortcode_actions wpml-ls-item wpml-ls-item-nl wpml-ls-item-legacy-list-horizontal\">\r\n\t\t\t<a target=\"_blank\" href=\"https:\/\/neocatechumenaleiter.org\/nl\/bidden-op-voorspraak-van-carmen-hernandez\/\" class=\"wpml-ls-link\" rel=\"noopener\">\r\n            \t<img loading=\"lazy\" decoding=\"async\" class=\"wpml-ls-flag\" src=\"https:\/\/carmenhernandez.org\/wp-content\/plugins\/sitepress-multilingual-cms\/res\/flags\/nl.png\" alt=\"\" width=\"18\" height=\"12\"\/><span class=\"wpml-ls-native\" lang=\"nl\">Nederlands<\/span><\/a>\r\n\t\t<\/li>\r\n        \r\n        <li class=\"wpml-ls-slot-shortcode_actions wpml-ls-item wpml-ls-item-et wpml-ls-item-legacy-list-horizontal\">\r\n\t\t\t<a target=\"_blank\" href=\"https:\/\/neocatechumenaleiter.org\/et\/palvetades-carmeni-hernandezi-eestkoste-kaudu\/\" class=\"wpml-ls-link\" rel=\"noopener\">\r\n            \t<img loading=\"lazy\" decoding=\"async\" class=\"wpml-ls-flag\" src=\"https:\/\/carmenhernandez.org\/wp-content\/plugins\/sitepress-multilingual-cms\/res\/flags\/et.png\" alt=\"\" width=\"18\" height=\"12\"\/><span class=\"wpml-ls-native\" lang=\"et\">Eesti<\/span><\/a>\r\n\t\t<\/li>\r\n        \r\n        <li class=\"wpml-ls-slot-shortcode_actions wpml-ls-item wpml-ls-item-lv wpml-ls-item-legacy-list-horizontal\">\r\n\t\t\t<a target=\"_blank\" href=\"https:\/\/neocatechumenaleiter.org\/lv\/ludzoties-par-carmen-aizbildniecibu\/\" class=\"wpml-ls-link\" rel=\"noopener\">\r\n            \t<img loading=\"lazy\" decoding=\"async\" class=\"wpml-ls-flag\" src=\"https:\/\/carmenhernandez.org\/wp-content\/plugins\/sitepress-multilingual-cms\/res\/flags\/lv.png\" alt=\"\" width=\"18\" height=\"12\"\/><span class=\"wpml-ls-native\" lang=\"lv\">Latvie\u0161u<\/span><\/a>\r\n\t\t<\/li>\r\n        \r\n        <li class=\"wpml-ls-slot-shortcode_actions wpml-ls-item wpml-ls-item-lt wpml-ls-item-legacy-list-horizontal\">\r\n\t\t\t<a target=\"_blank\" href=\"https:\/\/neocatechumenaleiter.org\/lt\/malda-prasant-carmen-uztarimo\/\" class=\"wpml-ls-link\" rel=\"noopener\">\r\n            \t<img loading=\"lazy\" decoding=\"async\" class=\"wpml-ls-flag\" src=\"https:\/\/carmenhernandez.org\/wp-content\/plugins\/sitepress-multilingual-cms\/res\/flags\/lt.png\" alt=\"\" width=\"18\" height=\"12\"\/><span class=\"wpml-ls-native\" lang=\"lt\">Lietuvos<\/span><\/a>\r\n\t\t<\/li>\r\n        \r\n        <li class=\"wpml-ls-slot-shortcode_actions wpml-ls-item wpml-ls-item-sv wpml-ls-item-legacy-list-horizontal\">\r\n\t\t\t<a target=\"_blank\" href=\"https:\/\/neocatechumenaleiter.org\/sv\/att-be-genom-carmen-hernandez-forbon\/\" class=\"wpml-ls-link\" rel=\"noopener\">\r\n            \t<img loading=\"lazy\" decoding=\"async\" class=\"wpml-ls-flag\" src=\"https:\/\/carmenhernandez.org\/wp-content\/plugins\/sitepress-multilingual-cms\/res\/flags\/sv.png\" alt=\"\" width=\"18\" height=\"12\"\/><span class=\"wpml-ls-native\" lang=\"sv\">Svenska<\/span><\/a>\r\n\t\t<\/li>\r\n        \r\n        <li class=\"wpml-ls-slot-shortcode_actions wpml-ls-item wpml-ls-item-da wpml-ls-item-legacy-list-horizontal\">\r\n\t\t\t<a target=\"_blank\" href=\"https:\/\/neocatechumenaleiter.org\/da\/at-bede-ved-carmen-hernandez-forboen\/\" class=\"wpml-ls-link\" rel=\"noopener\">\r\n            \t<img loading=\"lazy\" decoding=\"async\" class=\"wpml-ls-flag\" src=\"https:\/\/carmenhernandez.org\/wp-content\/plugins\/sitepress-multilingual-cms\/res\/flags\/da.png\" alt=\"\" width=\"18\" height=\"12\"\/><span class=\"wpml-ls-native\" lang=\"da\">Dansk<\/span><\/a>\r\n\t\t<\/li>\r\n        \r\n        <li class=\"wpml-ls-slot-shortcode_actions wpml-ls-item wpml-ls-item-sw wpml-ls-item-legacy-list-horizontal\">\r\n\t\t\t<a target=\"_blank\" href=\"https:\/\/neocatechumenaleiter.org\/sw\/kusali-kwa-kupitia-maombezi-ya-carmen-hernandez\/\" class=\"wpml-ls-link\" rel=\"noopener\">\r\n            \t<img loading=\"lazy\" decoding=\"async\" class=\"wpml-ls-flag\" src=\"https:\/\/neocatechumenaleiter.org\/wp-content\/uploads\/flags\/sw.png\" alt=\"\" width=\"18\" height=\"12\"\/><span class=\"wpml-ls-native\" lang=\"sw\">Swahili<\/span><\/a>\r\n\t\t<\/li>\r\n        \r\n        <li class=\"wpml-ls-slot-shortcode_actions wpml-ls-item wpml-ls-item-ja wpml-ls-item-legacy-list-horizontal\">\r\n\t\t\t<a target=\"_blank\" href=\"https:\/\/neocatechumenaleiter.org\/ja\/%e3%82%ab%e3%83%ab%e3%83%a1%e3%83%b3%e3%83%bb%e3%82%a8%e3%83%ab%e3%83%8a%e3%83%b3%e3%83%87%e3%82%b9%e3%81%ae%e5%8f%96%e3%82%8a%e6%ac%a1%e3%81%8e%e3%82%92%e9%a1%98%e3%81%86%e3%80%82\/\" class=\"wpml-ls-link\" rel=\"noopener\">\r\n            \t<img loading=\"lazy\" decoding=\"async\" class=\"wpml-ls-flag\" src=\"https:\/\/carmenhernandez.org\/wp-content\/plugins\/sitepress-multilingual-cms\/res\/flags\/ja.png\" alt=\"\" width=\"18\" height=\"12\"\/><span class=\"wpml-ls-native\" lang=\"ja\">\u65e5\u672c\u8a9e<\/span><\/a>\r\n\t\t<\/li>\r\n        \r\n        <li class=\"wpml-ls-slot-shortcode_actions wpml-ls-item wpml-ls-item-ar wpml-ls-item-legacy-list-horizontal\">\r\n\t\t\t<a target=\"_blank\" href=\"https:\/\/neocatechumenaleiter.org\/ar\/%d8%b5%d9%84%d8%a7%d8%aa%d9%86%d8%a7-%d8%a8%d8%b4%d9%81%d8%a7%d8%b9%d8%a9%d9%83%d8%a7%d8%b1%d9%85%d9%86\/\" class=\"wpml-ls-link\" rel=\"noopener\">\r\n            \t<img loading=\"lazy\" decoding=\"async\" class=\"wpml-ls-flag\" src=\"https:\/\/neocatechumenaleiter.org\/wp-content\/uploads\/flags\/ar.png\" alt=\"\" width=\"18\" height=\"12\"\/><span class=\"wpml-ls-native\" lang=\"ar\">\u0627\u0644\u0639\u0631\u0628\u064a\u0629<\/span><\/a>\r\n\t\t<\/li>\r\n\t<\/ul>\r\n<\/div>\n\n\n\n<div style=\"height:20px\" aria-hidden=\"true\" class=\"wp-block-spacer\"><\/div>\n\n\n\n<hr class=\"wp-block-separator has-alpha-channel-opacity is-style-wide\"\/>\n","protected":false},"excerpt":{"rendered":"<p>Sie ist in Olvega (Soria, Spanien) am 24. November 1930 geboren. Sie hat ihre Kindheit in Tudela (Navarra) verbracht. Seit sie ein kleines M\u00e4dchen war, sp\u00fcrte sie unter dem Einfluss des Geistes des Hl. Franz Xaver die missionarische Berufung. Sie hat Chemie an der Universit\u00e4t von Madrid studiert. Einige Jahre<\/p>\n<div class=\"belowpost\"><a class=\"btnmore icon-arrow\" href=\"https:\/\/carmenhernandez.org\/de\/zu-carmen-beten\/\"><span>Read More<\/span><\/a><\/div>\n","protected":false},"author":3,"featured_media":617,"parent":0,"menu_order":0,"comment_status":"closed","ping_status":"closed","template":"","meta":{"footnotes":""},"class_list":["post-3092","page","type-page","status-publish","has-post-thumbnail","hentry"],"_links":{"self":[{"href":"https:\/\/carmenhernandez.org\/de\/wp-json\/wp\/v2\/pages\/3092","targetHints":{"allow":["GET"]}}],"collection":[{"href":"https:\/\/carmenhernandez.org\/de\/wp-json\/wp\/v2\/pages"}],"about":[{"href":"https:\/\/carmenhernandez.org\/de\/wp-json\/wp\/v2\/types\/page"}],"author":[{"embeddable":true,"href":"https:\/\/carmenhernandez.org\/de\/wp-json\/wp\/v2\/users\/3"}],"replies":[{"embeddable":true,"href":"https:\/\/carmenhernandez.org\/de\/wp-json\/wp\/v2\/comments?post=3092"}],"version-history":[{"count":44,"href":"https:\/\/carmenhernandez.org\/de\/wp-json\/wp\/v2\/pages\/3092\/revisions"}],"predecessor-version":[{"id":4580,"href":"https:\/\/carmenhernandez.org\/de\/wp-json\/wp\/v2\/pages\/3092\/revisions\/4580"}],"wp:featuredmedia":[{"embeddable":true,"href":"https:\/\/carmenhernandez.org\/de\/wp-json\/wp\/v2\/media\/617"}],"wp:attachment":[{"href":"https:\/\/carmenhernandez.org\/de\/wp-json\/wp\/v2\/media?parent=3092"}],"curies":[{"name":"wp","href":"https:\/\/api.w.org\/{rel}","templated":true}]}}