{"id":1172,"date":"2021-06-14T00:01:24","date_gmt":"2021-06-14T00:01:24","guid":{"rendered":"https:\/\/carmenhernandez.org\/prier-carmen\/"},"modified":"2026-02-15T03:46:33","modified_gmt":"2026-02-15T03:46:33","slug":"prier-carmen","status":"publish","type":"page","link":"https:\/\/carmenhernandez.org\/fr\/prier-carmen\/","title":{"rendered":"Prier Carmen"},"content":{"rendered":"\n<div style=\"height:20px\" aria-hidden=\"true\" class=\"wp-block-spacer\"><\/div>\n<div class=\"wp-block-image hide-large-screen\">\n<figure class=\"aligncenter size-large\"><img loading=\"lazy\" decoding=\"async\" width=\"1024\" height=\"705\" src=\"https:\/\/carmenhernandez.org\/wp-content\/uploads\/2021\/06\/carmen-hernandez-camino-neocatecumenal-muralla-jerusalen-1024x705.jpg\" alt=\"Carmen Hernandez - Muraille de J&#xE9;rusalem\" class=\"wp-image-231\" srcset=\"https:\/\/carmenhernandez.org\/wp-content\/uploads\/2021\/06\/carmen-hernandez-camino-neocatecumenal-muralla-jerusalen-1024x705.jpg 1024w, https:\/\/carmenhernandez.org\/wp-content\/uploads\/2021\/06\/carmen-hernandez-camino-neocatecumenal-muralla-jerusalen-300x207.jpg 300w, https:\/\/carmenhernandez.org\/wp-content\/uploads\/2021\/06\/carmen-hernandez-camino-neocatecumenal-muralla-jerusalen-768x529.jpg 768w, https:\/\/carmenhernandez.org\/wp-content\/uploads\/2021\/06\/carmen-hernandez-camino-neocatecumenal-muralla-jerusalen.jpg 1210w\" sizes=\"auto, (max-width: 1024px) 100vw, 1024px\" \/><\/figure>\n<\/div>\n<p>N\u00e9e en Espagne \u00e0 Olvega (Soria) le 24 novembre 1930, elle passe son enfance \u00e0 Tudela (Navarre). Elle sent depuis sa jeunesse la vocation missionnaire, sous l\u2019influence de l\u2019esprit de saint Fran\u00e7ois Xavier. Elle \u00e9tudie la chimie \u00e0 l\u2019Universit\u00e9 de Madrid. Elle fait partie pendant quelques ann\u00e9es de \u00ab l\u2019Institut des Missionnaires du Christ J\u00e9sus \u00bb et \u00e9tudie la th\u00e9ologie \u00e0 Valence. En 1964, elle fait la connaissance de Kiko Arg\u00fcello dans les baraques de Palomeras Altas \u00e0 Madrid, et apr\u00e8s avoir annonc\u00e9 l\u2019\u00c9vangile aux pauvres avec qui ils vivent, le Seigneur les porte \u00e0 une synth\u00e8se th\u00e9ologico-cat\u00e9ch\u00e9tique fond\u00e9e sur la Parole de Dieu, la liturgie et la communaut\u00e9, qui sera la base du Chemin N\u00e9ocat\u00e9chum\u00e9nal dont les Statuts sont approuv\u00e9s par le Saint Si\u00e8ge en 2008. L\u2019archev\u00eaque de Madrid d\u2019alors, Mgr Casimiro Morcillo, les encourage \u00e0 le diffuser dans les paroisses. Pendant plus de 50 ans, avec Kiko Arg\u00fcello, elle donne sa vie en annon\u00e7ant l\u2019\u00c9vangile dans le monde entier. Elle avait un amour immense pour J\u00e9sus-Christ, l\u2019\u00c9glise, la Vierge, le Pape, la liturgie, l\u2019\u00c9criture sainte et les racines juives du Christianisme. Elle meurt \u00e0 Madrid le 19 juillet 2016.<\/p>\n\n<div style=\"height:30px\" aria-hidden=\"true\" class=\"wp-block-spacer\"><\/div>\n\n<h4 class=\"wp-block-heading has-text-align-center\">PRI\u00c8RE POUR LA D\u00c9VOTION PRIV\u00c9E<\/h4>\n\n<h6 class=\"wp-block-heading has-text-align-center\">Pour demander des gr\u00e2ces et des faveurs par l\u2019intercession de Carmen Hernandez<\/h6>\n\n<hr class=\"wp-block-separator has-alpha-channel-opacity\"\/>\n\n<h6 class=\"wp-block-heading has-text-align-center\" id=\"block-3d7eaf8b-e1c4-410c-8e70-0f92129481ca\"><strong>\u00d4 Seigneur,<\/strong><\/h6>\n\n<h6 class=\"wp-block-heading has-text-align-center\"><strong>qui, en \u00e9lisant la Servante de Dieu Carmen Hern\u00e1ndez<\/strong><\/h6>\n\n<h6 class=\"wp-block-heading has-text-align-center\"><strong>comme co-initiatrice du Chemin N\u00e9ocat\u00e9chum\u00e9nal<\/strong><\/h6>\n\n<h6 class=\"wp-block-heading has-text-align-center\"><strong>lui as donn\u00e9 un grand amour pour J\u00e9sus-Christ et pour l&rsquo;\u00e9glise,<\/strong><\/h6>\n\n<h6 class=\"wp-block-heading has-text-align-center\"><strong>pour l&rsquo;\u00e9criture sainte et la pri\u00e8re liturgique,<\/strong><\/h6>\n\n<h6 class=\"wp-block-heading has-text-align-center\"><strong>un z\u00e8le ardent pour l&rsquo;annonce itin\u00e9rante de l&rsquo;\u00e9vangile<\/strong><\/h6>\n\n<h6 class=\"wp-block-heading has-text-align-center\"><strong>et la fid\u00e9lit\u00e9 \u00e0 toi dans l&rsquo;\u00e9preuve de la croix ;<\/strong><\/h6>\n\n<h6 class=\"wp-block-heading has-text-align-center\"><strong>accorde-moi, par son intercession,<strong><\/strong><\/strong><\/h6>\n\n<h6 class=\"wp-block-heading has-text-align-center\"><strong>d&rsquo;\u00eatre fid\u00e8le au bapt\u00eame que j&rsquo;ai re\u00e7u<\/strong><\/h6>\n\n<h6 class=\"wp-block-heading has-text-align-center\"><strong>et, si c&rsquo;est ta volont\u00e9, la gr\u00e2ce que je te demande.<\/strong><\/h6>\n\n<h6 class=\"wp-block-heading has-text-align-center\"><strong>Par J\u00e9sus Christ, notre Seigneur. Amen.<\/strong><\/h6>\n\n<h6 class=\"wp-block-heading has-text-align-center\">Notre P\u00e8re. Je te salue, Marie. Gloire au P\u00e8re.<\/h6>\n\n<div style=\"height:30px\" aria-hidden=\"true\" class=\"wp-block-spacer\"><\/div>\n\n<p class=\"has-text-align-center\">En conformit\u00e9 avec les d\u00e9crets de Urbain VIII, on ne pr\u00e9tend en rien anticiper&#13;\n le jugement de l\u2019autorit\u00e9 de l\u2019\u00c9glise. AVEC LICENCE ECCL\u00c9SIASTIQUE.&#13;\n<\/p>\n\n<div style=\"height:20px\" aria-hidden=\"true\" class=\"wp-block-spacer\"><\/div>\n\n<div class=\"wp-block-buttons is-content-justification-center is-layout-flex wp-container-core-buttons-is-layout-16018d1d wp-block-buttons-is-layout-flex\">\n<div class=\"wp-block-button\"><a class=\"wp-block-button__link wp-element-button\" href=\"https:\/\/carmenhernandez.org\/fr\/contacter\/\">Pour communiquer les gr\u00e2ces et les faveurs : carmenhernandez@ffn.es<\/a><\/div>\n<\/div>\n\n<div style=\"height:30px\" aria-hidden=\"true\" class=\"wp-block-spacer\"><\/div>\n\n<figure class=\"wp-block-gallery has-nested-images columns-default is-cropped wp-block-gallery-1 is-layout-flex wp-block-gallery-is-layout-flex\">\n<figure class=\"wp-block-image size-full\"><img decoding=\"async\" data-id=\"3287\" src=\"https:\/\/carmenhernandez.org\/wp-content\/uploads\/2023\/03\/servante-dieu-carmen-hernandez-fr-avso.jpg\" alt=\"\" class=\"wp-image-3287\"\/><\/figure>\n\n\n\n<figure class=\"wp-block-image size-full\"><img decoding=\"async\" data-id=\"3296\" src=\"https:\/\/carmenhernandez.org\/wp-content\/uploads\/2023\/03\/servante-dieu-carmen-hernandez-fr-rvso.jpg\" alt=\"\" class=\"wp-image-3296\"\/><\/figure>\n<\/figure>\n\n<div style=\"height:20px\" aria-hidden=\"true\" class=\"wp-block-spacer\"><\/div>\n\n<h6 class=\"wp-block-heading has-text-align-center\">T\u00e9l\u00e9charger<\/h6>\n<div class=\"wp-block-image\">\n<figure class=\"aligncenter size-full\"><a href=\"https:\/\/carmenhernandez.org\/wp-content\/uploads\/2023\/03\/servante-dieu-carmen-hernandez-fr.pdf\"><img loading=\"lazy\" decoding=\"async\" width=\"128\" height=\"128\" src=\"https:\/\/carmenhernandez.org\/wp-content\/uploads\/2021\/11\/icopdf.png\" alt=\"Carmen Hern&#xE1;ndez PDF file download icon\" class=\"wp-image-1293\"\/><\/a><\/figure>\n<\/div>\n<div style=\"height:20px\" aria-hidden=\"true\" class=\"wp-block-spacer\"><\/div>\n\n<hr class=\"wp-block-separator has-css-opacity is-style-wide\"\/>\n\n<div style=\"height:20px\" aria-hidden=\"true\" class=\"wp-block-spacer\"><\/div>\n\n<div align=\"center\" class=\"wpml-ls-statics-shortcode_actions wpml-ls wpml-ls-legacy-list-horizontal\">\r\n\t<ul>\r\n    \t<!-- <li class=\"wpml-ls-slot-shortcode_actions wpml-ls-item wpml-ls-item-es wpml-ls-current-language wpml-ls-first-item wpml-ls-item-legacy-list-horizontal\">\r\n\t\t\t<a href=\"https:\/\/carmenhernandez.org\/fr\/prier-carmen\/\" class=\"wpml-ls-link\">\r\n            \t<img loading=\"lazy\" decoding=\"async\" class=\"wpml-ls-flag\" src=\"https:\/\/carmenhernandez.org\/wp-content\/plugins\/sitepress-multilingual-cms\/res\/flags\/es.png\" alt=\"\" width=\"18\" height=\"12\"><span class=\"wpml-ls-native\">Espa\u00f1ol<\/span>\r\n            <\/a>\r\n\t\t<\/li>\r\n        \r\n        <li class=\"wpml-ls-slot-shortcode_actions wpml-ls-item wpml-ls-item-it wpml-ls-item-legacy-list-horizontal\">\r\n\t\t\t<a href=\"https:\/\/carmenhernandez.org\/fr\/prier-carmen\/\" class=\"wpml-ls-link\">\r\n            \t<img loading=\"lazy\" decoding=\"async\" class=\"wpml-ls-flag\" src=\"https:\/\/carmenhernandez.org\/wp-content\/plugins\/sitepress-multilingual-cms\/res\/flags\/it.png\" alt=\"\" width=\"18\" height=\"12\"><span class=\"wpml-ls-native\" lang=\"it\">Italiano<\/span><\/a>\r\n\t\t<\/li>\r\n        \r\n        <li class=\"wpml-ls-slot-shortcode_actions wpml-ls-item wpml-ls-item-en wpml-ls-item-legacy-list-horizontal\">\r\n\t\t\t<a href=\"https:\/\/carmenhernandez.org\/fr\/prier-carmen\/\" class=\"wpml-ls-link\">\r\n            \t<img loading=\"lazy\" decoding=\"async\" class=\"wpml-ls-flag\" src=\"https:\/\/carmenhernandez.org\/wp-content\/plugins\/sitepress-multilingual-cms\/res\/flags\/en.png\" alt=\"\" width=\"18\" height=\"12\"><span class=\"wpml-ls-native\" lang=\"en\">English<\/span><\/a>\r\n\t\t<\/li>\r\n        \r\n        <li class=\"wpml-ls-slot-shortcode_actions wpml-ls-item wpml-ls-item-pt-br wpml-ls-item-legacy-list-horizontal\">\r\n\t\t\t<a href=\"https:\/\/carmenhernandez.org\/fr\/prier-carmen\/\" class=\"wpml-ls-link\">\r\n            \t<img loading=\"lazy\" decoding=\"async\" class=\"wpml-ls-flag\" src=\"https:\/\/carmenhernandez.org\/wp-content\/plugins\/sitepress-multilingual-cms\/res\/flags\/pt-br.png\" alt=\"\" width=\"18\" height=\"12\"><span class=\"wpml-ls-native\" lang=\"pt-br\">Portugu\u00eas<\/span><\/a>\r\n\t\t<\/li>\r\n        \r\n        <li class=\"wpml-ls-slot-shortcode_actions wpml-ls-item wpml-ls-item-fr wpml-ls-item-legacy-list-horizontal\">\r\n\t\t\t<a href=\"https:\/\/carmenhernandez.org\/fr\/prier-carmen\/\" class=\"wpml-ls-link\">\r\n            \t<img loading=\"lazy\" decoding=\"async\" class=\"wpml-ls-flag\" src=\"https:\/\/carmenhernandez.org\/wp-content\/plugins\/sitepress-multilingual-cms\/res\/flags\/fr.png\" alt=\"\" width=\"18\" height=\"12\"><span class=\"wpml-ls-native\" lang=\"fr\">Fran\u00e7ais<\/span><\/a>\r\n\t\t<\/li>\r\n        \r\n        <li class=\"wpml-ls-slot-shortcode_actions wpml-ls-item wpml-ls-item-ru wpml-ls-item-legacy-list-horizontal\">\r\n\t\t\t<a href=\"https:\/\/carmenhernandez.org\/fr\/prier-carmen\/\" class=\"wpml-ls-link\">\r\n            \t<img loading=\"lazy\" decoding=\"async\" class=\"wpml-ls-flag\" src=\"https:\/\/carmenhernandez.org\/wp-content\/plugins\/sitepress-multilingual-cms\/res\/flags\/ru.png\" alt=\"\" width=\"18\" height=\"12\"><span class=\"wpml-ls-native\" lang=\"ru\">\u0420\u0443\u0441\u0441\u043a\u0438\u0439<\/span><\/a>\r\n\t\t<\/li>\r\n        \r\n        <li class=\"wpml-ls-slot-shortcode_actions wpml-ls-item wpml-ls-item-uk wpml-ls-item-legacy-list-horizontal\">\r\n\t\t\t<a href=\"https:\/\/carmenhernandez.org\/fr\/prier-carmen\/\" class=\"wpml-ls-link\">\r\n            \t<img loading=\"lazy\" decoding=\"async\" class=\"wpml-ls-flag\" src=\"https:\/\/carmenhernandez.org\/wp-content\/plugins\/sitepress-multilingual-cms\/res\/flags\/uk.png\" alt=\"\" width=\"18\" height=\"12\"><span class=\"wpml-ls-native\" lang=\"uk\">Ukrainian<\/span><\/a>\r\n\t\t<\/li>\r\n        \r\n        <li class=\"wpml-ls-slot-shortcode_actions wpml-ls-item wpml-ls-item-de wpml-ls-item-legacy-list-horizontal\">\r\n\t\t\t<a href=\"https:\/\/carmenhernandez.org\/fr\/prier-carmen\/\" class=\"wpml-ls-link\">\r\n            \t<img loading=\"lazy\" decoding=\"async\" class=\"wpml-ls-flag\" src=\"https:\/\/carmenhernandez.org\/wp-content\/plugins\/sitepress-multilingual-cms\/res\/flags\/de.png\" alt=\"\" width=\"18\" height=\"12\"><span class=\"wpml-ls-native\" lang=\"de\">Deutsch<\/span><\/a>\r\n\t\t<\/li> -->\r\n        \r\n        <li class=\"wpml-ls-slot-shortcode_actions wpml-ls-item wpml-ls-item-hr wpml-ls-item-legacy-list-horizontal\">\r\n\t\t\t<a target=\"_blank\" href=\"https:\/\/neocatechumenaleiter.org\/hr\/moleci-po-zagovoru-carmen-hernandez\/\" class=\"wpml-ls-link\">\r\n            \t<img loading=\"lazy\" decoding=\"async\" class=\"wpml-ls-flag\" src=\"https:\/\/carmenhernandez.org\/wp-content\/plugins\/sitepress-multilingual-cms\/res\/flags\/hr.png\" alt=\"\" width=\"18\" height=\"12\"\/><span class=\"wpml-ls-native\" lang=\"hr\">Hrvatski<\/span><\/a>\r\n\t\t<\/li>\r\n        \r\n        <!-- <li class=\"wpml-ls-slot-shortcode_actions wpml-ls-item wpml-ls-item-pl wpml-ls-last-item wpml-ls-item-legacy-list-horizontal\">\r\n\t\t\t<a href=\"https:\/\/carmenhernandez.org\/fr\/prier-carmen\/\" class=\"wpml-ls-link\">\r\n            \t<img loading=\"lazy\" decoding=\"async\" class=\"wpml-ls-flag\" src=\"https:\/\/carmenhernandez.org\/wp-content\/plugins\/sitepress-multilingual-cms\/res\/flags\/pl.png\" alt=\"\" width=\"18\" height=\"12\"><span class=\"wpml-ls-native\" lang=\"pl\">Polski<\/span><\/a>\r\n\t\t<\/li> -->\r\n        \r\n        <li class=\"wpml-ls-slot-shortcode_actions wpml-ls-item wpml-ls-item-nl wpml-ls-item-legacy-list-horizontal\">\r\n\t\t\t<a target=\"_blank\" href=\"https:\/\/neocatechumenaleiter.org\/nl\/bidden-op-voorspraak-van-carmen-hernandez\/\" class=\"wpml-ls-link\">\r\n            \t<img loading=\"lazy\" decoding=\"async\" class=\"wpml-ls-flag\" src=\"https:\/\/carmenhernandez.org\/wp-content\/plugins\/sitepress-multilingual-cms\/res\/flags\/nl.png\" alt=\"\" width=\"18\" height=\"12\"\/><span class=\"wpml-ls-native\" lang=\"nl\">Nederlands<\/span><\/a>\r\n\t\t<\/li>\r\n        \r\n        <li class=\"wpml-ls-slot-shortcode_actions wpml-ls-item wpml-ls-item-et wpml-ls-item-legacy-list-horizontal\">\r\n\t\t\t<a target=\"_blank\" href=\"https:\/\/neocatechumenaleiter.org\/et\/palvetades-carmeni-hernandezi-eestkoste-kaudu\/\" class=\"wpml-ls-link\">\r\n            \t<img loading=\"lazy\" decoding=\"async\" class=\"wpml-ls-flag\" src=\"https:\/\/carmenhernandez.org\/wp-content\/plugins\/sitepress-multilingual-cms\/res\/flags\/et.png\" alt=\"\" width=\"18\" height=\"12\"\/><span class=\"wpml-ls-native\" lang=\"et\">Eesti<\/span><\/a>\r\n\t\t<\/li>\r\n        \r\n        <li class=\"wpml-ls-slot-shortcode_actions wpml-ls-item wpml-ls-item-lv wpml-ls-item-legacy-list-horizontal\">\r\n\t\t\t<a target=\"_blank\" href=\"https:\/\/neocatechumenaleiter.org\/lv\/ludzoties-par-carmen-aizbildniecibu\/\" class=\"wpml-ls-link\">\r\n            \t<img loading=\"lazy\" decoding=\"async\" class=\"wpml-ls-flag\" src=\"https:\/\/carmenhernandez.org\/wp-content\/plugins\/sitepress-multilingual-cms\/res\/flags\/lv.png\" alt=\"\" width=\"18\" height=\"12\"\/><span class=\"wpml-ls-native\" lang=\"lv\">Latvie\u0161u<\/span><\/a>\r\n\t\t<\/li>\r\n        \r\n        <li class=\"wpml-ls-slot-shortcode_actions wpml-ls-item wpml-ls-item-lt wpml-ls-item-legacy-list-horizontal\">\r\n\t\t\t<a target=\"_blank\" href=\"https:\/\/neocatechumenaleiter.org\/lt\/malda-prasant-carmen-uztarimo\/\" class=\"wpml-ls-link\">\r\n            \t<img loading=\"lazy\" decoding=\"async\" class=\"wpml-ls-flag\" src=\"https:\/\/carmenhernandez.org\/wp-content\/plugins\/sitepress-multilingual-cms\/res\/flags\/lt.png\" alt=\"\" width=\"18\" height=\"12\"\/><span class=\"wpml-ls-native\" lang=\"lt\">Lietuvos<\/span><\/a>\r\n\t\t<\/li>\r\n        \r\n        <li class=\"wpml-ls-slot-shortcode_actions wpml-ls-item wpml-ls-item-sv wpml-ls-item-legacy-list-horizontal\">\r\n\t\t\t<a target=\"_blank\" href=\"https:\/\/neocatechumenaleiter.org\/sv\/att-be-genom-carmen-hernandez-forbon\/\" class=\"wpml-ls-link\">\r\n            \t<img loading=\"lazy\" decoding=\"async\" class=\"wpml-ls-flag\" src=\"https:\/\/carmenhernandez.org\/wp-content\/plugins\/sitepress-multilingual-cms\/res\/flags\/sv.png\" alt=\"\" width=\"18\" height=\"12\"\/><span class=\"wpml-ls-native\" lang=\"sv\">Svenska<\/span><\/a>\r\n\t\t<\/li>\r\n        \r\n        <li class=\"wpml-ls-slot-shortcode_actions wpml-ls-item wpml-ls-item-da wpml-ls-item-legacy-list-horizontal\">\r\n\t\t\t<a target=\"_blank\" href=\"https:\/\/neocatechumenaleiter.org\/da\/at-bede-ved-carmen-hernandez-forboen\/\" class=\"wpml-ls-link\">\r\n            \t<img loading=\"lazy\" decoding=\"async\" class=\"wpml-ls-flag\" src=\"https:\/\/carmenhernandez.org\/wp-content\/plugins\/sitepress-multilingual-cms\/res\/flags\/da.png\" alt=\"\" width=\"18\" height=\"12\"\/><span class=\"wpml-ls-native\" lang=\"da\">Dansk<\/span><\/a>\r\n\t\t<\/li>\r\n        \r\n        <li class=\"wpml-ls-slot-shortcode_actions wpml-ls-item wpml-ls-item-sw wpml-ls-item-legacy-list-horizontal\">\r\n\t\t\t<a target=\"_blank\" href=\"https:\/\/neocatechumenaleiter.org\/sw\/kusali-kwa-kupitia-maombezi-ya-carmen-hernandez\/\" class=\"wpml-ls-link\">\r\n            \t<img loading=\"lazy\" decoding=\"async\" class=\"wpml-ls-flag\" src=\"https:\/\/neocatechumenaleiter.org\/wp-content\/uploads\/flags\/sw.png\" alt=\"\" width=\"18\" height=\"12\"\/><span class=\"wpml-ls-native\" lang=\"sw\">Swahili<\/span><\/a>\r\n\t\t<\/li>\r\n        \r\n        <li class=\"wpml-ls-slot-shortcode_actions wpml-ls-item wpml-ls-item-ja wpml-ls-item-legacy-list-horizontal\">\r\n\t\t\t<a target=\"_blank\" href=\"https:\/\/neocatechumenaleiter.org\/ja\/%e3%82%ab%e3%83%ab%e3%83%a1%e3%83%b3%e3%83%bb%e3%82%a8%e3%83%ab%e3%83%8a%e3%83%b3%e3%83%87%e3%82%b9%e3%81%ae%e5%8f%96%e3%82%8a%e6%ac%a1%e3%81%8e%e3%82%92%e9%a1%98%e3%81%86%e3%80%82\/\" class=\"wpml-ls-link\">\r\n            \t<img loading=\"lazy\" decoding=\"async\" class=\"wpml-ls-flag\" src=\"https:\/\/carmenhernandez.org\/wp-content\/plugins\/sitepress-multilingual-cms\/res\/flags\/ja.png\" alt=\"\" width=\"18\" height=\"12\"\/><span class=\"wpml-ls-native\" lang=\"ja\">\u65e5\u672c\u8a9e<\/span><\/a>\r\n\t\t<\/li>\r\n        \r\n        <li class=\"wpml-ls-slot-shortcode_actions wpml-ls-item wpml-ls-item-ar wpml-ls-item-legacy-list-horizontal\">\r\n\t\t\t<a target=\"_blank\" href=\"https:\/\/neocatechumenaleiter.org\/ar\/%d8%b5%d9%84%d8%a7%d8%aa%d9%86%d8%a7-%d8%a8%d8%b4%d9%81%d8%a7%d8%b9%d8%a9%d9%83%d8%a7%d8%b1%d9%85%d9%86\/\" class=\"wpml-ls-link\">\r\n            \t<img loading=\"lazy\" decoding=\"async\" class=\"wpml-ls-flag\" src=\"https:\/\/neocatechumenaleiter.org\/wp-content\/uploads\/flags\/ar.png\" alt=\"\" width=\"18\" height=\"12\"\/><span class=\"wpml-ls-native\" lang=\"ar\">\u0627\u0644\u0639\u0631\u0628\u064a\u0629<\/span><\/a>\r\n\t\t<\/li>\r\n\t<\/ul>\r\n<\/div>\n\n<div style=\"height:20px\" aria-hidden=\"true\" class=\"wp-block-spacer\"><\/div>\n\n<hr class=\"wp-block-separator has-alpha-channel-opacity is-style-wide\"\/>\n","protected":false},"excerpt":{"rendered":"<p>N\u00e9e en Espagne \u00e0 Olvega (Soria) le 24 novembre 1930, elle passe son enfance \u00e0 Tudela (Navarre). Elle sent depuis sa jeunesse la vocation missionnaire, sous l\u2019influence de l\u2019esprit de saint Fran\u00e7ois Xavier. Elle \u00e9tudie la chimie \u00e0 l\u2019Universit\u00e9 de Madrid. Elle fait partie pendant quelques ann\u00e9es de \u00ab l\u2019Institut<\/p>\n<div class=\"belowpost\"><a class=\"btnmore icon-arrow\" href=\"https:\/\/carmenhernandez.org\/fr\/prier-carmen\/\"><span>Read More<\/span><\/a><\/div>\n","protected":false},"author":3,"featured_media":616,"parent":0,"menu_order":0,"comment_status":"closed","ping_status":"closed","template":"","meta":{"footnotes":""},"class_list":["post-1172","page","type-page","status-publish","has-post-thumbnail","hentry"],"_links":{"self":[{"href":"https:\/\/carmenhernandez.org\/fr\/wp-json\/wp\/v2\/pages\/1172","targetHints":{"allow":["GET"]}}],"collection":[{"href":"https:\/\/carmenhernandez.org\/fr\/wp-json\/wp\/v2\/pages"}],"about":[{"href":"https:\/\/carmenhernandez.org\/fr\/wp-json\/wp\/v2\/types\/page"}],"author":[{"embeddable":true,"href":"https:\/\/carmenhernandez.org\/fr\/wp-json\/wp\/v2\/users\/3"}],"replies":[{"embeddable":true,"href":"https:\/\/carmenhernandez.org\/fr\/wp-json\/wp\/v2\/comments?post=1172"}],"version-history":[{"count":13,"href":"https:\/\/carmenhernandez.org\/fr\/wp-json\/wp\/v2\/pages\/1172\/revisions"}],"predecessor-version":[{"id":5716,"href":"https:\/\/carmenhernandez.org\/fr\/wp-json\/wp\/v2\/pages\/1172\/revisions\/5716"}],"wp:featuredmedia":[{"embeddable":true,"href":"https:\/\/carmenhernandez.org\/fr\/wp-json\/wp\/v2\/media\/616"}],"wp:attachment":[{"href":"https:\/\/carmenhernandez.org\/fr\/wp-json\/wp\/v2\/media?parent=1172"}],"curies":[{"name":"wp","href":"https:\/\/api.w.org\/{rel}","templated":true}]}}