{"id":823,"date":"2021-06-14T00:01:24","date_gmt":"2021-06-14T00:01:24","guid":{"rendered":"https:\/\/carmenhernandez.org\/pregare-carmen\/"},"modified":"2026-02-15T03:48:07","modified_gmt":"2026-02-15T03:48:07","slug":"pregare-carmen","status":"publish","type":"page","link":"https:\/\/carmenhernandez.org\/it\/pregare-carmen\/","title":{"rendered":"Pregare Carmen"},"content":{"rendered":"\n<div style=\"height:20px\" aria-hidden=\"true\" class=\"wp-block-spacer\"><\/div>\n\n\n<div class=\"wp-block-image hide-large-screen\">\n<figure class=\"aligncenter size-large\"><img loading=\"lazy\" decoding=\"async\" width=\"1024\" height=\"705\" src=\"https:\/\/carmenhernandez.org\/wp-content\/uploads\/2021\/06\/carmen-hernandez-camino-neocatecumenal-muralla-jerusalen-1024x705.jpg\" alt=\"Carmen Hern\u00e1ndez - Muraglia di Gerusalemme\" class=\"wp-image-231\" srcset=\"https:\/\/carmenhernandez.org\/wp-content\/uploads\/2021\/06\/carmen-hernandez-camino-neocatecumenal-muralla-jerusalen-1024x705.jpg 1024w, https:\/\/carmenhernandez.org\/wp-content\/uploads\/2021\/06\/carmen-hernandez-camino-neocatecumenal-muralla-jerusalen-300x207.jpg 300w, https:\/\/carmenhernandez.org\/wp-content\/uploads\/2021\/06\/carmen-hernandez-camino-neocatecumenal-muralla-jerusalen-768x529.jpg 768w, https:\/\/carmenhernandez.org\/wp-content\/uploads\/2021\/06\/carmen-hernandez-camino-neocatecumenal-muralla-jerusalen.jpg 1210w\" sizes=\"auto, (max-width: 1024px) 100vw, 1024px\" \/><\/figure>\n<\/div>\n\n\n<p>\u00c8 nata a \u00d3lvega (Soria &#8211; Spagna) il 24 novembre 1930. Ha trascorso la sua infanzia a Tudela (Navarra). Fin da bambina ha sentito la vocazione missionaria sotto l&#8217;influsso dello spirito di San Francesco Saverio. Studiato Scienze Chimiche all&#8217;Universit\u00e0 di Madrid. Per alcuni anni \u00e8 stata membro dell&#8217;Istituto \u201cMisioneras de Cristo Jes\u00fas\u201d e ha studiato teologia a Valencia. Nel 1964 ha conosciuto Kiko Arg\u00fcello nelle baracche di Palomeras Altas a Madrid, e dopo aver annunciato il Vangelo ai poveri con cui vivevano, il Signore li ha guidati a una sintesi teologico catechetica basata sulla Parola di Dio, la Liturgia e la Comunit\u00e0, che sar\u00e0 la base del Cammino Neocatecumenale, il cui Statuto \u00e8 stato approvato in maniera definitiva dalla Santa Sede nel 2008. L\u2019allora arcivescovo di Madrid, Mons. Casimiro Morcillo, li incoraggi\u00f2 a diffonderlo nelle parrocchie. Per pi\u00f9 di 50 anni, insieme a Kiko Arg\u00fcello, ha dato la sua vita annunciando il Vangelo in tutto il mondo.  Aveva un amore immenso per Ges\u00f9 Cristo, la Chiesa, la Madonna, il Papa, la liturgia, la Sacra Scrittura e le radici ebraiche del cristianesimo. \u00c8 morta a Madrid il 19 luglio 2016.<\/p>\n\n\n\n<div style=\"height:30px\" aria-hidden=\"true\" class=\"wp-block-spacer\"><\/div>\n\n\n\n<h4 class=\"wp-block-heading has-text-align-center\">PREGHIERA PER LA DEVOZIONE PRIVATA<\/h4>\n\n\n\n<h6 class=\"wp-block-heading has-text-align-center\">Per chiedere grazie e favori per intercessione di Carmen Hern\u00e1ndez<\/h6>\n\n\n\n<hr class=\"wp-block-separator has-alpha-channel-opacity\"\/>\n\n\n\n<h6 class=\"wp-block-heading has-text-align-center\" id=\"block-3d7eaf8b-e1c4-410c-8e70-0f92129481ca\"><strong>O Signore,<\/strong><\/h6>\n\n\n\n<h6 class=\"wp-block-heading has-text-align-center\"><strong>che scegliendo la serva di Dio Carmen Hern\u00e1ndez<\/strong><\/h6>\n\n\n\n<h6 class=\"wp-block-heading has-text-align-center\"><strong>come co-iniziatrice del Cammino Neocatecumenale,<\/strong><\/h6>\n\n\n\n<h6 class=\"wp-block-heading has-text-align-center\"><strong>le hai concesso un grande amore a Ges\u00f9 Cristo e alla Chiesa,<\/strong><\/h6>\n\n\n\n<h6 class=\"wp-block-heading has-text-align-center\"><strong>alle Sacre Scritture e alla preghiera liturgica,<\/strong><\/h6>\n\n\n\n<h6 class=\"wp-block-heading has-text-align-center\"><strong>zelo ardente per la proclamazione itinerante del Vangelo<\/strong><\/h6>\n\n\n\n<h6 class=\"wp-block-heading has-text-align-center\"><strong>e la fedelt\u00e0 a te nella prova della croce;<\/strong><\/h6>\n\n\n\n<h6 class=\"wp-block-heading has-text-align-center\"><strong>concedimi, per sua intercessione,<\/strong><\/h6>\n\n\n\n<h6 class=\"wp-block-heading has-text-align-center\"><strong>di essere fedele al battesimo che ho ricevuto<\/strong><\/h6>\n\n\n\n<h6 class=\"wp-block-heading has-text-align-center\"><strong>e, se \u00e8 la tua volont\u00e0, la grazia che ti chiedo.<\/strong><\/h6>\n\n\n\n<h6 class=\"wp-block-heading has-text-align-center\"><strong>Per Ges\u00f9 Cristo, nostro Signore. Amen.<\/strong><\/h6>\n\n\n\n<h6 class=\"wp-block-heading has-text-align-center\">Padre nostro. Ave Maria. Gloria al Padre.<\/h6>\n\n\n\n<div style=\"height:30px\" aria-hidden=\"true\" class=\"wp-block-spacer\"><\/div>\n\n\n\n<p class=\"has-text-align-center\">In conformit\u00e0 ai decreti di Urbano VIII, non si vuole prevenire in nulla il giudizio dell\u2019autorit\u00e0 della Chiesa. CON LICENZA ECCLESIASTICA.<\/p>\n\n\n\n<div style=\"height:20px\" aria-hidden=\"true\" class=\"wp-block-spacer\"><\/div>\n\n\n\n<div class=\"wp-block-buttons is-content-justification-center is-layout-flex wp-container-core-buttons-is-layout-16018d1d wp-block-buttons-is-layout-flex\">\n<div class=\"wp-block-button is-style-outline is-style-outline--1\"><a class=\"wp-block-button__link wp-element-button\" href=\"https:\/\/carmenhernandez.org\/it\/contattare\/\">Per comunicare grazie e favori: carmenhernandez@ffn.es<\/a><\/div>\n<\/div>\n\n\n\n<div style=\"height:30px\" aria-hidden=\"true\" class=\"wp-block-spacer\"><\/div>\n\n\n\n<figure class=\"wp-block-gallery has-nested-images columns-default is-cropped wp-block-gallery-2 is-layout-flex wp-block-gallery-is-layout-flex\">\n<figure class=\"wp-block-image size-full\"><img decoding=\"async\" data-id=\"3287\" src=\"https:\/\/carmenhernandez.org\/wp-content\/uploads\/2023\/03\/estampa-sierva-dios-carmen-hernandez-avso-it.jpeg\" alt=\"\" class=\"wp-image-3294\"\/><\/figure>\n\n\n\n<figure class=\"wp-block-image size-full\"><img decoding=\"async\" data-id=\"3296\" src=\"https:\/\/carmenhernandez.org\/wp-content\/uploads\/2023\/03\/estampa-sierva-dios-carmen-hernandez-rvso-it.jpeg\" alt=\"\" class=\"wp-image-3303\"\/><\/figure>\n<\/figure>\n\n\n\n<div style=\"height:20px\" aria-hidden=\"true\" class=\"wp-block-spacer\"><\/div>\n\n\n\n<h6 class=\"wp-block-heading has-text-align-center\">Scarica<\/h6>\n\n\n<div class=\"wp-block-image\">\n<figure class=\"aligncenter size-full\"><a href=\"https:\/\/carmenhernandez.org\/wp-content\/uploads\/2023\/03\/estampa-serva-dio-carmen-hernandez-it.pdf\"><img loading=\"lazy\" decoding=\"async\" width=\"128\" height=\"128\" src=\"https:\/\/carmenhernandez.org\/wp-content\/uploads\/2021\/11\/icopdf.png\" alt=\"Carmen Hern\u00e1ndez PDF file download icon\" class=\"wp-image-1293\"\/><\/a><\/figure>\n<\/div>\n\n\n<div style=\"height:20px\" aria-hidden=\"true\" class=\"wp-block-spacer\"><\/div>\n\n\n\n<hr class=\"wp-block-separator has-css-opacity is-style-wide\"\/>\n\n\n\n<div style=\"height:20px\" aria-hidden=\"true\" class=\"wp-block-spacer\"><\/div>\n\n\n\n<div align=\"center\" class=\"wpml-ls-statics-shortcode_actions wpml-ls wpml-ls-legacy-list-horizontal\">\r\n\t<ul>\r\n    \t<!-- <li class=\"wpml-ls-slot-shortcode_actions wpml-ls-item wpml-ls-item-es wpml-ls-current-language wpml-ls-first-item wpml-ls-item-legacy-list-horizontal\">\r\n\t\t\t<a href=\"https:\/\/carmenhernandez.org\/it\/pregare-carmen\/\" class=\"wpml-ls-link\">\r\n            \t<img loading=\"lazy\" decoding=\"async\" class=\"wpml-ls-flag\" src=\"https:\/\/carmenhernandez.org\/wp-content\/plugins\/sitepress-multilingual-cms\/res\/flags\/es.png\" alt=\"\" width=\"18\" height=\"12\"><span class=\"wpml-ls-native\">Espa\u00f1ol<\/span>\r\n            <\/a>\r\n\t\t<\/li>\r\n        \r\n        <li class=\"wpml-ls-slot-shortcode_actions wpml-ls-item wpml-ls-item-it wpml-ls-item-legacy-list-horizontal\">\r\n\t\t\t<a href=\"https:\/\/carmenhernandez.org\/it\/pregare-carmen\/\" class=\"wpml-ls-link\">\r\n            \t<img loading=\"lazy\" decoding=\"async\" class=\"wpml-ls-flag\" src=\"https:\/\/carmenhernandez.org\/wp-content\/plugins\/sitepress-multilingual-cms\/res\/flags\/it.png\" alt=\"\" width=\"18\" height=\"12\"><span class=\"wpml-ls-native\" lang=\"it\">Italiano<\/span><\/a>\r\n\t\t<\/li>\r\n        \r\n        <li class=\"wpml-ls-slot-shortcode_actions wpml-ls-item wpml-ls-item-en wpml-ls-item-legacy-list-horizontal\">\r\n\t\t\t<a href=\"https:\/\/carmenhernandez.org\/it\/pregare-carmen\/\" class=\"wpml-ls-link\">\r\n            \t<img loading=\"lazy\" decoding=\"async\" class=\"wpml-ls-flag\" src=\"https:\/\/carmenhernandez.org\/wp-content\/plugins\/sitepress-multilingual-cms\/res\/flags\/en.png\" alt=\"\" width=\"18\" height=\"12\"><span class=\"wpml-ls-native\" lang=\"en\">English<\/span><\/a>\r\n\t\t<\/li>\r\n        \r\n        <li class=\"wpml-ls-slot-shortcode_actions wpml-ls-item wpml-ls-item-pt-br wpml-ls-item-legacy-list-horizontal\">\r\n\t\t\t<a href=\"https:\/\/carmenhernandez.org\/it\/pregare-carmen\/\" class=\"wpml-ls-link\">\r\n            \t<img loading=\"lazy\" decoding=\"async\" class=\"wpml-ls-flag\" src=\"https:\/\/carmenhernandez.org\/wp-content\/plugins\/sitepress-multilingual-cms\/res\/flags\/pt-br.png\" alt=\"\" width=\"18\" height=\"12\"><span class=\"wpml-ls-native\" lang=\"pt-br\">Portugu\u00eas<\/span><\/a>\r\n\t\t<\/li>\r\n        \r\n        <li class=\"wpml-ls-slot-shortcode_actions wpml-ls-item wpml-ls-item-fr wpml-ls-item-legacy-list-horizontal\">\r\n\t\t\t<a href=\"https:\/\/carmenhernandez.org\/it\/pregare-carmen\/\" class=\"wpml-ls-link\">\r\n            \t<img loading=\"lazy\" decoding=\"async\" class=\"wpml-ls-flag\" src=\"https:\/\/carmenhernandez.org\/wp-content\/plugins\/sitepress-multilingual-cms\/res\/flags\/fr.png\" alt=\"\" width=\"18\" height=\"12\"><span class=\"wpml-ls-native\" lang=\"fr\">Fran\u00e7ais<\/span><\/a>\r\n\t\t<\/li>\r\n        \r\n        <li class=\"wpml-ls-slot-shortcode_actions wpml-ls-item wpml-ls-item-ru wpml-ls-item-legacy-list-horizontal\">\r\n\t\t\t<a href=\"https:\/\/carmenhernandez.org\/it\/pregare-carmen\/\" class=\"wpml-ls-link\">\r\n            \t<img loading=\"lazy\" decoding=\"async\" class=\"wpml-ls-flag\" src=\"https:\/\/carmenhernandez.org\/wp-content\/plugins\/sitepress-multilingual-cms\/res\/flags\/ru.png\" alt=\"\" width=\"18\" height=\"12\"><span class=\"wpml-ls-native\" lang=\"ru\">\u0420\u0443\u0441\u0441\u043a\u0438\u0439<\/span><\/a>\r\n\t\t<\/li>\r\n        \r\n        <li class=\"wpml-ls-slot-shortcode_actions wpml-ls-item wpml-ls-item-uk wpml-ls-item-legacy-list-horizontal\">\r\n\t\t\t<a href=\"https:\/\/carmenhernandez.org\/it\/pregare-carmen\/\" class=\"wpml-ls-link\">\r\n            \t<img loading=\"lazy\" decoding=\"async\" class=\"wpml-ls-flag\" src=\"https:\/\/carmenhernandez.org\/wp-content\/plugins\/sitepress-multilingual-cms\/res\/flags\/uk.png\" alt=\"\" width=\"18\" height=\"12\"><span class=\"wpml-ls-native\" lang=\"uk\">Ukrainian<\/span><\/a>\r\n\t\t<\/li>\r\n        \r\n        <li class=\"wpml-ls-slot-shortcode_actions wpml-ls-item wpml-ls-item-de wpml-ls-item-legacy-list-horizontal\">\r\n\t\t\t<a href=\"https:\/\/carmenhernandez.org\/it\/pregare-carmen\/\" class=\"wpml-ls-link\">\r\n            \t<img loading=\"lazy\" decoding=\"async\" class=\"wpml-ls-flag\" src=\"https:\/\/carmenhernandez.org\/wp-content\/plugins\/sitepress-multilingual-cms\/res\/flags\/de.png\" alt=\"\" width=\"18\" height=\"12\"><span class=\"wpml-ls-native\" lang=\"de\">Deutsch<\/span><\/a>\r\n\t\t<\/li> -->\r\n        \r\n        <li class=\"wpml-ls-slot-shortcode_actions wpml-ls-item wpml-ls-item-hr wpml-ls-item-legacy-list-horizontal\">\r\n\t\t\t<a target=\"_blank\" href=\"https:\/\/neocatechumenaleiter.org\/hr\/moleci-po-zagovoru-carmen-hernandez\/\" class=\"wpml-ls-link\" rel=\"noopener\">\r\n            \t<img loading=\"lazy\" decoding=\"async\" class=\"wpml-ls-flag\" src=\"https:\/\/carmenhernandez.org\/wp-content\/plugins\/sitepress-multilingual-cms\/res\/flags\/hr.png\" alt=\"\" width=\"18\" height=\"12\"\/><span class=\"wpml-ls-native\" lang=\"hr\">Hrvatski<\/span><\/a>\r\n\t\t<\/li>\r\n        \r\n        <!-- <li class=\"wpml-ls-slot-shortcode_actions wpml-ls-item wpml-ls-item-pl wpml-ls-last-item wpml-ls-item-legacy-list-horizontal\">\r\n\t\t\t<a href=\"https:\/\/carmenhernandez.org\/it\/pregare-carmen\/\" class=\"wpml-ls-link\">\r\n            \t<img loading=\"lazy\" decoding=\"async\" class=\"wpml-ls-flag\" src=\"https:\/\/carmenhernandez.org\/wp-content\/plugins\/sitepress-multilingual-cms\/res\/flags\/pl.png\" alt=\"\" width=\"18\" height=\"12\"><span class=\"wpml-ls-native\" lang=\"pl\">Polski<\/span><\/a>\r\n\t\t<\/li> -->\r\n        \r\n        <li class=\"wpml-ls-slot-shortcode_actions wpml-ls-item wpml-ls-item-nl wpml-ls-item-legacy-list-horizontal\">\r\n\t\t\t<a target=\"_blank\" href=\"https:\/\/neocatechumenaleiter.org\/nl\/bidden-op-voorspraak-van-carmen-hernandez\/\" class=\"wpml-ls-link\" rel=\"noopener\">\r\n            \t<img loading=\"lazy\" decoding=\"async\" class=\"wpml-ls-flag\" src=\"https:\/\/carmenhernandez.org\/wp-content\/plugins\/sitepress-multilingual-cms\/res\/flags\/nl.png\" alt=\"\" width=\"18\" height=\"12\"\/><span class=\"wpml-ls-native\" lang=\"nl\">Nederlands<\/span><\/a>\r\n\t\t<\/li>\r\n        \r\n        <li class=\"wpml-ls-slot-shortcode_actions wpml-ls-item wpml-ls-item-et wpml-ls-item-legacy-list-horizontal\">\r\n\t\t\t<a target=\"_blank\" href=\"https:\/\/neocatechumenaleiter.org\/et\/palvetades-carmeni-hernandezi-eestkoste-kaudu\/\" class=\"wpml-ls-link\" rel=\"noopener\">\r\n            \t<img loading=\"lazy\" decoding=\"async\" class=\"wpml-ls-flag\" src=\"https:\/\/carmenhernandez.org\/wp-content\/plugins\/sitepress-multilingual-cms\/res\/flags\/et.png\" alt=\"\" width=\"18\" height=\"12\"\/><span class=\"wpml-ls-native\" lang=\"et\">Eesti<\/span><\/a>\r\n\t\t<\/li>\r\n        \r\n        <li class=\"wpml-ls-slot-shortcode_actions wpml-ls-item wpml-ls-item-lv wpml-ls-item-legacy-list-horizontal\">\r\n\t\t\t<a target=\"_blank\" href=\"https:\/\/neocatechumenaleiter.org\/lv\/ludzoties-par-carmen-aizbildniecibu\/\" class=\"wpml-ls-link\" rel=\"noopener\">\r\n            \t<img loading=\"lazy\" decoding=\"async\" class=\"wpml-ls-flag\" src=\"https:\/\/carmenhernandez.org\/wp-content\/plugins\/sitepress-multilingual-cms\/res\/flags\/lv.png\" alt=\"\" width=\"18\" height=\"12\"\/><span class=\"wpml-ls-native\" lang=\"lv\">Latvie\u0161u<\/span><\/a>\r\n\t\t<\/li>\r\n        \r\n        <li class=\"wpml-ls-slot-shortcode_actions wpml-ls-item wpml-ls-item-lt wpml-ls-item-legacy-list-horizontal\">\r\n\t\t\t<a target=\"_blank\" href=\"https:\/\/neocatechumenaleiter.org\/lt\/malda-prasant-carmen-uztarimo\/\" class=\"wpml-ls-link\" rel=\"noopener\">\r\n            \t<img loading=\"lazy\" decoding=\"async\" class=\"wpml-ls-flag\" src=\"https:\/\/carmenhernandez.org\/wp-content\/plugins\/sitepress-multilingual-cms\/res\/flags\/lt.png\" alt=\"\" width=\"18\" height=\"12\"\/><span class=\"wpml-ls-native\" lang=\"lt\">Lietuvos<\/span><\/a>\r\n\t\t<\/li>\r\n        \r\n        <li class=\"wpml-ls-slot-shortcode_actions wpml-ls-item wpml-ls-item-sv wpml-ls-item-legacy-list-horizontal\">\r\n\t\t\t<a target=\"_blank\" href=\"https:\/\/neocatechumenaleiter.org\/sv\/att-be-genom-carmen-hernandez-forbon\/\" class=\"wpml-ls-link\" rel=\"noopener\">\r\n            \t<img loading=\"lazy\" decoding=\"async\" class=\"wpml-ls-flag\" src=\"https:\/\/carmenhernandez.org\/wp-content\/plugins\/sitepress-multilingual-cms\/res\/flags\/sv.png\" alt=\"\" width=\"18\" height=\"12\"\/><span class=\"wpml-ls-native\" lang=\"sv\">Svenska<\/span><\/a>\r\n\t\t<\/li>\r\n        \r\n        <li class=\"wpml-ls-slot-shortcode_actions wpml-ls-item wpml-ls-item-da wpml-ls-item-legacy-list-horizontal\">\r\n\t\t\t<a target=\"_blank\" href=\"https:\/\/neocatechumenaleiter.org\/da\/at-bede-ved-carmen-hernandez-forboen\/\" class=\"wpml-ls-link\" rel=\"noopener\">\r\n            \t<img loading=\"lazy\" decoding=\"async\" class=\"wpml-ls-flag\" src=\"https:\/\/carmenhernandez.org\/wp-content\/plugins\/sitepress-multilingual-cms\/res\/flags\/da.png\" alt=\"\" width=\"18\" height=\"12\"\/><span class=\"wpml-ls-native\" lang=\"da\">Dansk<\/span><\/a>\r\n\t\t<\/li>\r\n        \r\n        <li class=\"wpml-ls-slot-shortcode_actions wpml-ls-item wpml-ls-item-sw wpml-ls-item-legacy-list-horizontal\">\r\n\t\t\t<a target=\"_blank\" href=\"https:\/\/neocatechumenaleiter.org\/sw\/kusali-kwa-kupitia-maombezi-ya-carmen-hernandez\/\" class=\"wpml-ls-link\" rel=\"noopener\">\r\n            \t<img loading=\"lazy\" decoding=\"async\" class=\"wpml-ls-flag\" src=\"https:\/\/neocatechumenaleiter.org\/wp-content\/uploads\/flags\/sw.png\" alt=\"\" width=\"18\" height=\"12\"\/><span class=\"wpml-ls-native\" lang=\"sw\">Swahili<\/span><\/a>\r\n\t\t<\/li>\r\n        \r\n        <li class=\"wpml-ls-slot-shortcode_actions wpml-ls-item wpml-ls-item-ja wpml-ls-item-legacy-list-horizontal\">\r\n\t\t\t<a target=\"_blank\" href=\"https:\/\/neocatechumenaleiter.org\/ja\/%e3%82%ab%e3%83%ab%e3%83%a1%e3%83%b3%e3%83%bb%e3%82%a8%e3%83%ab%e3%83%8a%e3%83%b3%e3%83%87%e3%82%b9%e3%81%ae%e5%8f%96%e3%82%8a%e6%ac%a1%e3%81%8e%e3%82%92%e9%a1%98%e3%81%86%e3%80%82\/\" class=\"wpml-ls-link\" rel=\"noopener\">\r\n            \t<img loading=\"lazy\" decoding=\"async\" class=\"wpml-ls-flag\" src=\"https:\/\/carmenhernandez.org\/wp-content\/plugins\/sitepress-multilingual-cms\/res\/flags\/ja.png\" alt=\"\" width=\"18\" height=\"12\"\/><span class=\"wpml-ls-native\" lang=\"ja\">\u65e5\u672c\u8a9e<\/span><\/a>\r\n\t\t<\/li>\r\n        \r\n        <li class=\"wpml-ls-slot-shortcode_actions wpml-ls-item wpml-ls-item-ar wpml-ls-item-legacy-list-horizontal\">\r\n\t\t\t<a target=\"_blank\" href=\"https:\/\/neocatechumenaleiter.org\/ar\/%d8%b5%d9%84%d8%a7%d8%aa%d9%86%d8%a7-%d8%a8%d8%b4%d9%81%d8%a7%d8%b9%d8%a9%d9%83%d8%a7%d8%b1%d9%85%d9%86\/\" class=\"wpml-ls-link\" rel=\"noopener\">\r\n            \t<img loading=\"lazy\" decoding=\"async\" class=\"wpml-ls-flag\" src=\"https:\/\/neocatechumenaleiter.org\/wp-content\/uploads\/flags\/ar.png\" alt=\"\" width=\"18\" height=\"12\"\/><span class=\"wpml-ls-native\" lang=\"ar\">\u0627\u0644\u0639\u0631\u0628\u064a\u0629<\/span><\/a>\r\n\t\t<\/li>\r\n\t<\/ul>\r\n<\/div>\n\n\n\n<div style=\"height:20px\" aria-hidden=\"true\" class=\"wp-block-spacer\"><\/div>\n\n\n\n<hr class=\"wp-block-separator has-alpha-channel-opacity is-style-wide\"\/>\n","protected":false},"excerpt":{"rendered":"<p>\u00c8 nata a \u00d3lvega (Soria &#8211; Spagna) il 24 novembre 1930. Ha trascorso la sua infanzia a Tudela (Navarra). Fin da bambina ha sentito la vocazione missionaria sotto l&#8217;influsso dello spirito di San Francesco Saverio. Studiato Scienze Chimiche all&#8217;Universit\u00e0 di Madrid. Per alcuni anni \u00e8 stata membro dell&#8217;Istituto \u201cMisioneras de<\/p>\n<div class=\"belowpost\"><a class=\"btnmore icon-arrow\" href=\"https:\/\/carmenhernandez.org\/it\/pregare-carmen\/\"><span>Read More<\/span><\/a><\/div>\n","protected":false},"author":3,"featured_media":618,"parent":0,"menu_order":0,"comment_status":"closed","ping_status":"closed","template":"","meta":{"footnotes":""},"class_list":["post-823","page","type-page","status-publish","has-post-thumbnail","hentry"],"_links":{"self":[{"href":"https:\/\/carmenhernandez.org\/it\/wp-json\/wp\/v2\/pages\/823","targetHints":{"allow":["GET"]}}],"collection":[{"href":"https:\/\/carmenhernandez.org\/it\/wp-json\/wp\/v2\/pages"}],"about":[{"href":"https:\/\/carmenhernandez.org\/it\/wp-json\/wp\/v2\/types\/page"}],"author":[{"embeddable":true,"href":"https:\/\/carmenhernandez.org\/it\/wp-json\/wp\/v2\/users\/3"}],"replies":[{"embeddable":true,"href":"https:\/\/carmenhernandez.org\/it\/wp-json\/wp\/v2\/comments?post=823"}],"version-history":[{"count":17,"href":"https:\/\/carmenhernandez.org\/it\/wp-json\/wp\/v2\/pages\/823\/revisions"}],"predecessor-version":[{"id":4574,"href":"https:\/\/carmenhernandez.org\/it\/wp-json\/wp\/v2\/pages\/823\/revisions\/4574"}],"wp:featuredmedia":[{"embeddable":true,"href":"https:\/\/carmenhernandez.org\/it\/wp-json\/wp\/v2\/media\/618"}],"wp:attachment":[{"href":"https:\/\/carmenhernandez.org\/it\/wp-json\/wp\/v2\/media?parent=823"}],"curies":[{"name":"wp","href":"https:\/\/api.w.org\/{rel}","templated":true}]}}